{"id":15,"date":"2018-04-19T11:27:09","date_gmt":"2018-04-19T11:27:09","guid":{"rendered":"https:\/\/www.toscana-istruzione.it\/atpisa\/?page_id=15"},"modified":"2024-12-06T12:05:32","modified_gmt":"2024-12-06T12:05:32","slug":"home","status":"publish","type":"page","link":"https:\/\/www.toscana-istruzione.it\/atpisa\/","title":{"rendered":"AT Pisa &#8211; Home"},"content":{"rendered":"\n<hr>\n\n\n<p><!--\n\n\n\n\n\n\n\n\n\n\n\n\n\n\n\n\n<div style=\"border: 3px; border-style: solid; border-color: #3366ff; padding: 10px; margin: 10px;\">\n--><\/p>\n<p><!--\n\n\n\n\n\n\n\n\n\n\n\n\n\n\n\n\n<div style=\"border: 3px; border-style: solid; border-color: #3366ff; padding: 10px; margin: 10px;\" align=\"\">\n\n\n\n\n\n\n\n\n\n\n\n\n\n\n\n\n<p style=\"text-align: center;\"><span style=\"color: #ff0000;\"><strong>AVVISO<\/strong><\/span><\/p>\n\n\n\n\n\n\n\n\n\n\n\n\n\n\n\n\n\n\n\n\n\n\n\n\n\n\n\n\n\n\n\n\n<p style=\"text-align: center;\">TEMPISTICA CONFERIMENTO SUPPLENZE\nPERSONALE DOCENTE E ATA DA <strong>GRADUATORIE PROVINCIALI<\/strong> (modalit\u00e0 scuola polo)\nE DA <strong>GRADUATORIE DI ISTITUTO<\/strong> (convocazioni unitarie e centralizzate)<\/p>\n\n\n\n\n\n\n\n\n\n\n\n\n\n\n\n\n\n\n\n\n\n\n\n\n\n\n\n\n\n\n\n\n<p style=\"text-align: center;\"><strong>SETTEMBRE 2019<\/strong><\/p>\n\n\n\n\n\n\n\n\n\n\n\n\n\n\n\n\n\n<\/div>\n\n\n\n\n\n\n\n\n\n\n\n\n\n\n\n\n\n\n\n\n\n\n\n\n\n\n\n\n\n\n\n\n<div align=\"center\">\n\n&nbsp;\n\n\n\n\n\n\n\n\n\n\n\n\n\n\n\n\n<table>\n\n\n\n\n\n\n\n\n\n\n\n\n\n\n\n\n<tbody>\n\n\n\n\n\n\n\n\n\n\n\n\n\n\n\n\n<tr>\n\n\n\n\n\n\n\n\n\n\n\n\n\n\n\n\n<td>LUNEDI\u2019 9<\/td>\n\n\n\n\n\n\n\n\n\n\n\n\n\n\n\n\n\n\n\n\n\n\n\n\n\n\n\n\n\n\n\n\n<td><span style=\"color: #3366ff;\"><strong>ATA<\/strong><\/span>: 24 MESI \u2013 DM 75 PROV.LI<\/td>\n\n\n\n\n\n\n\n\n\n\n\n\n\n\n\n\n\n\n\n\n\n\n\n\n\n\n\n\n\n\n\n\n<td>Modalit\u00e0 scuola polo<\/td>\n\n\n\n\n\n\n\n\n\n\n\n\n\n\n\n\n<\/tr>\n\n\n\n\n\n\n\n\n\n\n\n\n\n\n\n\n\n\n\n\n\n\n\n\n\n\n\n\n\n\n\n\n<tr>\n\n\n\n\n\n\n\n\n\n\n\n\n\n\n\n\n<td>MARTEDI\u2019 10<\/td>\n\n\n\n\n\n\n\n\n\n\n\n\n\n\n\n\n\n\n\n\n\n\n\n\n\n\n\n\n\n\n\n\n<td><span style=\"color: #ff6600;\"><strong>DOCENTI<\/strong><\/span>: GAE INFANZIA\/PRIMARIA<\/td>\n\n\n\n\n\n\n\n\n\n\n\n\n\n\n\n\n\n\n\n\n\n\n\n\n\n\n\n\n\n\n\n\n<td>Modalit\u00e0 scuola polo<\/td>\n\n\n\n\n\n\n\n\n\n\n\n\n\n\n\n\n<\/tr>\n\n\n\n\n\n\n\n\n\n\n\n\n\n\n\n\n\n\n\n\n\n\n\n\n\n\n\n\n\n\n\n\n<tr>\n\n\n\n\n\n\n\n\n\n\n\n\n\n\n\n\n<td>GIOVEDI\u2019 12<\/td>\n\n\n\n\n\n\n\n\n\n\n\n\n\n\n\n\n\n\n\n\n\n\n\n\n\n\n\n\n\n\n\n\n<td><span style=\"color: #3366ff;\"><strong>ATA<\/strong><\/span>: GRADUATORIE DI ISTITUTO<\/td>\n\n\n\n\n\n\n\n\n\n\n\n\n\n\n\n\n\n\n\n\n\n\n\n\n\n\n\n\n\n\n\n\n<td>Convocazioni unitarie<\/td>\n\n\n\n\n\n\n\n\n\n\n\n\n\n\n\n\n<\/tr>\n\n\n\n\n\n\n\n\n\n\n\n\n\n\n\n\n\n\n\n\n\n\n\n\n\n\n\n\n\n\n\n\n<tr>\n\n\n\n\n\n\n\n\n\n\n\n\n\n\n\n\n<td>VENERDI\u2019 13\ne SABATO 14<\/td>\n\n\n\n\n\n\n\n\n\n\n\n\n\n\n\n\n\n\n\n\n\n\n\n\n\n\n\n\n\n\n\n\n<td><span style=\"color: #ff6600;\"><strong>DOCENTI<\/strong><\/span>: GAE SECONDO GRADO\n+\nGRADUATORIE DI ISTITUTO SECONDO GRADO<\/td>\n\n\n\n\n\n\n\n\n\n\n\n\n\n\n\n\n\n\n\n\n\n\n\n\n\n\n\n\n\n\n\n\n<td>Modalit\u00e0 scuola polo\n+\nConvocazioni unitarie<\/td>\n\n\n\n\n\n\n\n\n\n\n\n\n\n\n\n\n<\/tr>\n\n\n\n\n\n\n\n\n\n\n\n\n\n\n\n\n\n\n\n\n\n\n\n\n\n\n\n\n\n\n\n\n<tr>\n\n\n\n\n\n\n\n\n\n\n\n\n\n\n\n\n<td>MARTEDI\u2019 17<\/td>\n\n\n\n\n\n\n\n\n\n\n\n\n\n\n\n\n\n\n\n\n\n\n\n\n\n\n\n\n\n\n\n\n<td><span style=\"color: #ff6600;\"><strong>DOCENTI<\/strong><\/span>: GRADUATORIE DI ISTITUTO INFANZIA\/PRIMARIA<\/td>\n\n\n\n\n\n\n\n\n\n\n\n\n\n\n\n\n\n\n\n\n\n\n\n\n\n\n\n\n\n\n\n\n<td>Convocazioni unitarie<\/td>\n\n\n\n\n\n\n\n\n\n\n\n\n\n\n\n\n<\/tr>\n\n\n\n\n\n\n\n\n\n\n\n\n\n\n\n\n\n\n\n\n\n\n\n\n\n\n\n\n\n\n\n\n<tr>\n\n\n\n\n\n\n\n\n\n\n\n\n\n\n\n\n<td>MERCOLEDI\u2019 18<\/td>\n\n\n\n\n\n\n\n\n\n\n\n\n\n\n\n\n\n\n\n\n\n\n\n\n\n\n\n\n\n\n\n\n<td><span style=\"color: #ff6600;\"><strong>DOCENTI<\/strong><\/span>: GAE PRIMO GRADO\n+\nGRADUATORIE DI ISTITUTO PRIMO GRADO<\/td>\n\n\n\n\n\n\n\n\n\n\n\n\n\n\n\n\n\n\n\n\n\n\n\n\n\n\n\n\n\n\n\n\n<td>Modalit\u00e0 scuola polo\n+\nConvocazioni unitarie<\/td>\n\n\n\n\n\n\n\n\n\n\n\n\n\n\n\n\n<\/tr>\n\n\n\n\n\n\n\n\n\n\n\n\n\n\n\n\n<\/tbody>\n\n\n\n\n\n\n\n\n\n\n\n\n\n\n\n\n<\/table>\n\n\n\n\n\n\n\n\n\n\n\n\n\n\n\n\n<\/div>\n\n\n\n\n\n\n\n\n\n\n\n\n\n\n\n\n&nbsp;\n\nI calendari dettagliati di convocazione sono pubblicati su questo sito e sui siti delle istituzioni scolastiche\n\nLe disponibilit\u00e0 sono pubblicate entro il giorno precedente alla rispettiva data di convocazione\n\n\n\n\n\n\n\n\n\n\n\n\n\n\n\n\n\n<hr \/>\n\n--><\/p>\n<div style=\"border: 3px; border-style: solid; border-color: red; padding: 10px; margin: 10px;\">\n<h2 style=\"text-align: center;\"><strong>MODALITA&#8217; di RICEVIMENTO<\/strong><\/h2>\n<h3 style=\"text-align: center;\">Il ricevimento al pubblico si effettua <span style=\"color: #ff0000;\">previo appuntamento<\/span> da richiedere tramite mail indirizzata a<\/h3>\n<h4 style=\"text-align: center;\"><em>usp.pi@istruzione.it<\/em><\/h4>\n<h3 style=\"text-align: center;\" align=\"center\">specificando l&#8217;oggetto della richiesta<strong>\u00a0<\/strong><\/h3>\n<p><!--\nPER RIPRISTINO ORARIO TOGLIERE QUESTO COMMENTO, DA QUI FINO IN FONDO::::::\n:::::::::::::::::::::::::::::::::::::::::::\n:::::::::::::::::::::::::::::::::::::::::::\n:::::::::::::::::::::::::::::::::::::::::::\n\n\n\n\n\n\n\n\n\n\n\n\n\n\n\n\n<p style=\"text-align: center;\"><strong><span style=\"color: #ff6600;\">UFFICIO PENSIONI<\/span><\/strong>: si comunica che l\u2019orario di ricevimento del pubblico per quanto concerne l\u2019Ufficio Pensioni \u00e8 il seguente:<\/p>\n\n\n\n\n\n\n\n\n\n\n\n\n\n\n\n\n\n\n\n\n\n\n\n\n\n\n\n\n\n\n\n\n<p style=\"text-align: center;\"><strong>Gioved\u00ec dalle ore 15.00 alle ore 17.00<\/strong>\nL\u2019Ufficio potr\u00e0 essere comunque contattato per mail all\u2019indirizzo\n<span style=\"color: #3366ff;\"><strong><a href=\"mailto:usp.pi@istruzione.it\">usp.pi@istruzione.it<\/a><\/strong><\/span><\/p>\n\n\n\n\n\n\n\n\n\n\n\n\n\n\n\n\n\n\n\n\n\n\n\n\n\n\n\n\n\n\n\n\n<p style=\"text-align: center;\"><strong><span style=\"color: #ff6600;\">ALTRI UFFICI<\/span><\/strong>:<\/p>\n\n\n\n\n\n\n\n\n\n\n\n\n\n\n\n\n\n\n\n\n\n\n\n\n\n\n\n\n\n\n\n\n\n<div align=\"center\">\n\n\n\n\n\n\n\n\n\n\n\n\n\n\n\n\n<table style=\"width: 484px; height: 148px;\">\n\n\n\n\n\n\n\n\n\n\n\n\n\n\n\n\n<tbody>\n\n\n\n\n\n\n\n\n\n\n\n\n\n\n\n\n<tr>\n\n\n\n\n\n\n\n\n\n\n\n\n\n\n\n\n<td style=\"text-align: center; width: 166.933px;\"><strong>LUNEDI\n<\/strong><\/td>\n\n\n\n\n\n\n\n\n\n\n\n\n\n\n\n\n\n\n\n\n\n\n\n\n\n\n\n\n\n\n\n\n<td style=\"width: 99.7333px; text-align: center;\"><strong>dalle ore\n<\/strong><\/td>\n\n\n\n\n\n\n\n\n\n\n\n\n\n\n\n\n\n\n\n\n\n\n\n\n\n\n\n\n\n\n\n\n<td style=\"width: 52.4833px; text-align: center;\"><strong>11.00<\/strong><\/td>\n\n\n\n\n\n\n\n\n\n\n\n\n\n\n\n\n\n\n\n\n\n\n\n\n\n\n\n\n\n\n\n\n<td style=\"width: 65.4667px; text-align: center;\"><strong>alle ore<\/strong><\/td>\n\n\n\n\n\n\n\n\n\n\n\n\n\n\n\n\n\n\n\n\n\n\n\n\n\n\n\n\n\n\n\n\n<td style=\"width: 65.3833px; text-align: center;\"><strong>13.00<\/strong><\/td>\n\n\n\n\n\n\n\n\n\n\n\n\n\n\n\n\n<\/tr>\n\n\n\n\n\n\n\n\n\n\n\n\n\n\n\n\n\n\n\n\n\n\n\n\n\n\n\n\n\n\n\n\n<tr>\n\n\n\n\n\n\n\n\n\n\n\n\n\n\n\n\n<td style=\"text-align: center; width: 166.933px;\"><strong>MARTEDI<\/strong><\/td>\n\n\n\n\n\n\n\n\n\n\n\n\n\n\n\n\n\n\n\n\n\n\n\n\n\n\n\n\n\n\n\n\n<td style=\"width: 99.7333px; text-align: center;\"><strong>\"<\/strong><\/td>\n\n\n\n\n\n\n\n\n\n\n\n\n\n\n\n\n\n\n\n\n\n\n\n\n\n\n\n\n\n\n\n\n<td style=\"width: 52.4833px; text-align: center;\"><strong>10.00<\/strong><\/td>\n\n\n\n\n\n\n\n\n\n\n\n\n\n\n\n\n\n\n\n\n\n\n\n\n\n\n\n\n\n\n\n\n<td style=\"width: 65.4667px; text-align: center;\"><strong>\"<\/strong><\/td>\n\n\n\n\n\n\n\n\n\n\n\n\n\n\n\n\n\n\n\n\n\n\n\n\n\n\n\n\n\n\n\n\n<td style=\"width: 65.3833px; text-align: center;\"><strong>12.00<\/strong><\/td>\n\n\n\n\n\n\n\n\n\n\n\n\n\n\n\n\n<\/tr>\n\n\n\n\n\n\n\n\n\n\n\n\n\n\n\n\n\n\n\n\n\n\n\n\n\n\n\n\n\n\n\n\n<tr>\n\n\n\n\n\n\n\n\n\n\n\n\n\n\n\n\n<td style=\"width: 166.933px; text-align: center;\"><strong>MERCOLEDI<\/strong><\/td>\n\n\n\n\n\n\n\n\n\n\n\n\n\n\n\n\n\n\n\n\n\n\n\n\n\n\n\n\n\n\n\n\n<td style=\"width: 99.7333px; text-align: center;\"><strong>\"<\/strong><\/td>\n\n\n\n\n\n\n\n\n\n\n\n\n\n\n\n\n\n\n\n\n\n\n\n\n\n\n\n\n\n\n\n\n<td style=\"width: 52.4833px; text-align: center;\"><strong>11.00<\/strong><\/td>\n\n\n\n\n\n\n\n\n\n\n\n\n\n\n\n\n\n\n\n\n\n\n\n\n\n\n\n\n\n\n\n\n<td style=\"width: 65.4667px; text-align: center;\"><strong>\"<\/strong><\/td>\n\n\n\n\n\n\n\n\n\n\n\n\n\n\n\n\n\n\n\n\n\n\n\n\n\n\n\n\n\n\n\n\n<td style=\"width: 65.3833px; text-align: center;\"><strong>13.00<\/strong><\/td>\n\n\n\n\n\n\n\n\n\n\n\n\n\n\n\n\n<\/tr>\n\n\n\n\n\n\n\n\n\n\n\n\n\n\n\n\n\n\n\n\n\n\n\n\n\n\n\n\n\n\n\n\n<tr>\n\n\n\n\n\n\n\n\n\n\n\n\n\n\n\n\n<td style=\"width: 166.933px; text-align: center;\"><strong>GIOVEDI<\/strong><\/td>\n\n\n\n\n\n\n\n\n\n\n\n\n\n\n\n\n\n\n\n\n\n\n\n\n\n\n\n\n\n\n\n\n<td style=\"width: 99.7333px; text-align: center;\"><strong>\"<\/strong><\/td>\n\n\n\n\n\n\n\n\n\n\n\n\n\n\n\n\n\n\n\n\n\n\n\n\n\n\n\n\n\n\n\n\n<td style=\"width: 52.4833px; text-align: center;\"><strong>15.00<\/strong><\/td>\n\n\n\n\n\n\n\n\n\n\n\n\n\n\n\n\n\n\n\n\n\n\n\n\n\n\n\n\n\n\n\n\n<td style=\"width: 65.4667px; text-align: center;\"><strong>\"<\/strong><\/td>\n\n\n\n\n\n\n\n\n\n\n\n\n\n\n\n\n\n\n\n\n\n\n\n\n\n\n\n\n\n\n\n\n<td style=\"width: 65.3833px; text-align: center;\"><strong>17.00<\/strong><\/td>\n\n\n\n\n\n\n\n\n\n\n\n\n\n\n\n\n<\/tr>\n\n\n\n\n\n\n\n\n\n\n\n\n\n\n\n\n<\/tbody>\n\n\n\n\n\n\n\n\n\n\n\n\n\n\n\n\n<\/table>\n\n\n\n\n\n\n\n\n\n\n\n\n\n\n\n\n<\/div>\n\n\n\n\n\n\n\n\n\n\n\n\n\n\n\n\n<strong>                                          <\/strong><strong>\n<\/strong><strong>                               <\/strong>\n<span style=\"color: #ff6600;\"><em>[icon name=\"info-circle\" class=\"icon-2x]Sito temporaneo<\/em><\/span>\n\n\n\n\n\n\n\n\n\n\n\n\n\n\n\n\n\n<header class=\"entry-header\"><\/header>\n\n\n\n\n\n\n\n\n\n\n\n\n\n\n\n\n\nA seguito dei problemi di funzionamento del sito internet di questo Ambito territoriale, si comunica che \u00e8 stato attivato questo spazio provvisorio  dell\u2019AT Pisa (raggiungibile anche dal link del sito <a href=\"https:\/\/www.miur.gov.it\/web\/miur-usr-toscana\" target=\"_blank\" rel=\"noopener noreferrer\">USR Toscana<\/a>).\nNello scusarsi per il disagio, si comunica che l\u2019attivazione del sito provvisorio, anche se a funzionalit\u00e0 ridotta, \u00e8 propedeutica al processo che \u00e8 stato gi\u00e0 avviato di sistemazione definitiva del sito AT Pisa grazie alle nuove funzionalit\u00e0 che saranno attivate dal MIUR attraverso l\u2019USR Toscana.\n\nSi comunica che il <strong><em><a href=\"http:\/\/www.usp.pisa.indire.it\/nuovo\/\" target=\"_blank\" rel=\"noopener noreferrer\">vecchio sito<\/a><\/em><\/strong> non pu\u00f2 pi\u00f9 essere aggiornato. Sono comunque in corso di recupero alcuni dei contenuti; sar\u00e0 cura di questo Ufficio continuare a supportare il fornitore del servizio per il recupero di detti contenuti.\n\n\n\n\n\n\n\n\n\n\n\n\n\n\n\n\n\n<hr \/>\n\n\n\n\n\n\n\n\n\n\n\n\n\n\n\n\n\n<table style=\"width: 100%; border-collapse: collapse; border-style: hidden;\" border=\"1\">\n\n\n\n\n\n\n\n\n\n\n\n\n\n\n\n\n<tbody>\n\n\n\n\n\n\n\n\n\n\n\n\n\n\n\n\n<tr>\n\n\n\n\n\n\n\n\n\n\n\n\n\n\n\n\n<td style=\"width: 50%; text-align: center;\"><img loading=\"lazy\" decoding=\"async\" class=\"alignnone size-full wp-image-432\" src=\"https:\/\/www.toscana-istruzione.it\/atpisa\/wp-content\/uploads\/2018\/05\/unipi.jpg\" alt=\"\" width=\"300\" height=\"90\" \/>\n<a href=\"https:\/\/www.unipi.it\/index.php\/offerta\/itemlist\/category\/59-formazione-insegnanti-in-ingresso\" target=\"_blank\" rel=\"noopener noreferrer\"><em>Formazione insegnanti<\/em><\/a>\n<a href=\"https:\/\/www.unipi.it\/index.php\/immatricolazioni-e-iscrizioni\/item\/2619-crediti-tfa\" target=\"_blank\" rel=\"noopener noreferrer\"><em>Integrazione crediti<\/em><\/a><\/td>\n\n\n\n\n\n\n\n\n\n\n\n\n\n\n\n\n\n\n\n\n\n\n\n\n\n\n\n\n\n\n\n\n<td style=\"width: 50%; border-style: hidden; text-align: center;\"><img loading=\"lazy\" decoding=\"async\" class=\"alignnone size-full wp-image-433\" src=\"https:\/\/www.toscana-istruzione.it\/atpisa\/wp-content\/uploads\/2018\/05\/formaz.jpg\" alt=\"\" width=\"300\" height=\"90\" \/>\n<em><strong><span style=\"color: #990000;\">Formazione Toscana<\/span><\/strong>\n<a href=\"http:\/\/www.toscana-istruzione.it\/formazione\/joomla\/\" target=\"_blank\" rel=\"noopener noreferrer\">La formazione del personale scolastico<\/a> <\/em><\/td>\n\n\n\n\n\n\n\n\n\n\n\n\n\n\n\n\n<\/tr>\n\n\n\n\n\n\n\n\n\n\n\n\n\n\n\n\n<\/tbody>\n\n\n\n\n\n\n\n\n\n\n\n\n\n\n\n\n<\/table>\n\n\n\n\n\n\n\n\n\n\n\n\n\n\n\n\n--><\/p>\n<\/div>\n\n\n\n","protected":false},"excerpt":{"rendered":"<p>MODALITA&#8217; di RICEVIMENTO Il ricevimento al pubblico si effettua previo appuntamento da richiedere tramite mail indirizzata a usp.pi@istruzione.it specificando l&#8217;oggetto della richiesta\u00a0<\/p>\n","protected":false},"author":1,"featured_media":10893,"parent":0,"menu_order":0,"comment_status":"closed","ping_status":"closed","template":"","meta":{"footnotes":""},"class_list":["post-15","page","type-page","status-publish","has-post-thumbnail","hentry"],"_links":{"self":[{"href":"https:\/\/www.toscana-istruzione.it\/atpisa\/wp-json\/wp\/v2\/pages\/15","targetHints":{"allow":["GET"]}}],"collection":[{"href":"https:\/\/www.toscana-istruzione.it\/atpisa\/wp-json\/wp\/v2\/pages"}],"about":[{"href":"https:\/\/www.toscana-istruzione.it\/atpisa\/wp-json\/wp\/v2\/types\/page"}],"author":[{"embeddable":true,"href":"https:\/\/www.toscana-istruzione.it\/atpisa\/wp-json\/wp\/v2\/users\/1"}],"replies":[{"embeddable":true,"href":"https:\/\/www.toscana-istruzione.it\/atpisa\/wp-json\/wp\/v2\/comments?post=15"}],"version-history":[{"count":81,"href":"https:\/\/www.toscana-istruzione.it\/atpisa\/wp-json\/wp\/v2\/pages\/15\/revisions"}],"predecessor-version":[{"id":11321,"href":"https:\/\/www.toscana-istruzione.it\/atpisa\/wp-json\/wp\/v2\/pages\/15\/revisions\/11321"}],"wp:featuredmedia":[{"embeddable":true,"href":"https:\/\/www.toscana-istruzione.it\/atpisa\/wp-json\/wp\/v2\/media\/10893"}],"wp:attachment":[{"href":"https:\/\/www.toscana-istruzione.it\/atpisa\/wp-json\/wp\/v2\/media?parent=15"}],"curies":[{"name":"wp","href":"https:\/\/api.w.org\/{rel}","templated":true}]}}